{"id":2435,"date":"2020-03-30T18:06:00","date_gmt":"2020-03-30T16:06:00","guid":{"rendered":"https:\/\/websie.cefe.cnrs.fr\/soilforeurope\/?page_id=2435"},"modified":"2020-04-28T21:24:35","modified_gmt":"2020-04-28T19:24:35","slug":"function-approach-2-pl","status":"publish","type":"page","link":"https:\/\/websie.cefe.cnrs.fr\/soilforeurope\/pl\/function-approach-2-pl\/","title":{"rendered":"Funkcja &#8211; Podej\u015bcie 2"},"content":{"rendered":"\n<p>&nbsp;<\/p>\n<h5><strong>Rozk\u0142ad drobnych korzeni i powi\u0105zania z rozk\u0142adem \u015bci\u00f3\u0142ki<\/strong><\/h5>\n<p style=\"text-align: justify;\">Tempo rozk\u0142adu drobnych korzeni drzew, o r\u00f3\u017cnych w\u0142a\u015bciwo\u015bciach chemicznych i morfologicznych, okre\u015blamy tradycyjn\u0105 technik\u0105 woreczk\u00f3w \u015bci\u00f3\u0142kowych wyk\u0142adanych w drzewostanach jednogatunkowych i mieszanych. Tempo rozk\u0142adu drobnych korzeni por\u00f3wnywane jest z tempem rozk\u0142adu \u015bci\u00f3\u0142ki (badanym w poprzednim projekcie <a href=\"http:\/\/www.fundiveurope.eu\/\" target=\"_blank\" rel=\"noopener noreferrer\">FunDivEUROPE<\/a>), i oceniane jest wzgl\u0119dne znaczenie nadziemnych i podziemnych funkcjonalnych cech ro\u015blin, a tak\u017ce wska\u017anik\u00f3w r\u00f3\u017cnorodno\u015bci fauny glebowej i warunk\u00f3w \u015brodowiskowych w procesie rozk\u0142adu.<\/p>\n<h5>&nbsp;<\/h5>\n<h5><strong>Aktywno\u015b\u0107 mikrobiologiczna i zwi\u0105zane z ni\u0105 przep\u0142ywy pierwiastk\u00f3w<\/strong><\/h5>\n<p style=\"text-align: justify;\">W drzewostanach monokulturowych i mieszanych mierzymy serie proces\u00f3w mikrobiologicznych, w tym oddychanie indukowane przez substrat, aktywno\u015b\u0107 enzym\u00f3w denitryfikacji i nitryfikacji oraz r\u00f3\u017cnorodno\u015b\u0107 kataboliczn\u0105 (przy u\u017cyciu MicroResp\u2122). Zwi\u0105zek pomi\u0119dzy tymi procesami a r\u00f3\u017cnymi pomiarami r\u00f3\u017cnorodno\u015bci fauny i flory nadziemnej i podziemnej jest oceniany i por\u00f3wnywany z danymi dotycz\u0105cymi mikrobiologicznej r\u00f3\u017cnorodno\u015bci gleby.<\/p>\n<h5>&nbsp;<\/h5>\n<p><img loading=\"lazy\" decoding=\"async\" class=\"size-large wp-image-788 aligncenter\" src=\"https:\/\/websie.cefe.cnrs.fr\/soilforeurope\/wp-content\/uploads\/2019\/02\/Dry_soils_1_gimp_copyright2-1024x235.jpg\" alt=\"\" width=\"900\" height=\"207\"><\/p>\n","protected":false},"excerpt":{"rendered":"<p>&nbsp; Rozk\u0142ad drobnych korzeni i powi\u0105zania z rozk\u0142adem \u015bci\u00f3\u0142ki Tempo rozk\u0142adu drobnych korzeni drzew, o r\u00f3\u017cnych w\u0142a\u015bciwo\u015bciach chemicznych i morfologicznych, okre\u015blamy tradycyjn\u0105 technik\u0105 woreczk\u00f3w \u015bci\u00f3\u0142kowych wyk\u0142adanych w drzewostanach jednogatunkowych i mieszanych. Tempo rozk\u0142adu drobnych korzeni por\u00f3wnywane jest z tempem rozk\u0142adu \u015bci\u00f3\u0142ki (badanym w poprzednim projekcie FunDivEUROPE), i oceniane jest wzgl\u0119dne&#8230;<\/p>\n<p class=\"continue-reading-button\"> <a class=\"continue-reading-link\" href=\"https:\/\/websie.cefe.cnrs.fr\/soilforeurope\/pl\/function-approach-2-pl\/\">Continue reading<i class=\"crycon-right-dir\"><\/i><\/a><\/p>\n","protected":false},"author":1,"featured_media":0,"parent":0,"menu_order":0,"comment_status":"closed","ping_status":"closed","template":"","meta":{"inline_featured_image":false,"footnotes":""},"class_list":["post-2435","page","type-page","status-publish","hentry"],"_links":{"self":[{"href":"https:\/\/websie.cefe.cnrs.fr\/soilforeurope\/wp-json\/wp\/v2\/pages\/2435","targetHints":{"allow":["GET"]}}],"collection":[{"href":"https:\/\/websie.cefe.cnrs.fr\/soilforeurope\/wp-json\/wp\/v2\/pages"}],"about":[{"href":"https:\/\/websie.cefe.cnrs.fr\/soilforeurope\/wp-json\/wp\/v2\/types\/page"}],"author":[{"embeddable":true,"href":"https:\/\/websie.cefe.cnrs.fr\/soilforeurope\/wp-json\/wp\/v2\/users\/1"}],"replies":[{"embeddable":true,"href":"https:\/\/websie.cefe.cnrs.fr\/soilforeurope\/wp-json\/wp\/v2\/comments?post=2435"}],"version-history":[{"count":6,"href":"https:\/\/websie.cefe.cnrs.fr\/soilforeurope\/wp-json\/wp\/v2\/pages\/2435\/revisions"}],"predecessor-version":[{"id":3373,"href":"https:\/\/websie.cefe.cnrs.fr\/soilforeurope\/wp-json\/wp\/v2\/pages\/2435\/revisions\/3373"}],"wp:attachment":[{"href":"https:\/\/websie.cefe.cnrs.fr\/soilforeurope\/wp-json\/wp\/v2\/media?parent=2435"}],"curies":[{"name":"wp","href":"https:\/\/api.w.org\/{rel}","templated":true}]}}